{"id":98523,"date":"2023-05-21T17:24:44","date_gmt":"2023-05-21T17:24:44","guid":{"rendered":"https:\/\/cardonapicornell.com\/?page_id=98523"},"modified":"2023-05-22T18:31:22","modified_gmt":"2023-05-22T18:31:22","slug":"quienes-somos","status":"publish","type":"page","link":"https:\/\/cardonapicornell.com\/?page_id=98523","title":{"rendered":"Quienes somos"},"content":{"rendered":"<p>[et_pb_section fb_built=\u00bb1&#8243; _builder_version=\u00bb4.18.0&#8243; _module_preset=\u00bbdefault\u00bb background_color=\u00bb#F9F9F9&#8243; locked=\u00bboff\u00bb global_colors_info=\u00bb{}\u00bb][et_pb_row column_structure=\u00bb1_2,1_2&#8243; _builder_version=\u00bb4.21.0&#8243; _module_preset=\u00bbdefault\u00bb width_tablet=\u00bb\u00bb width_phone=\u00bb90%\u00bb width_last_edited=\u00bbon|phone\u00bb hover_enabled=\u00bb0&#8243; custom_css_main_element=\u00bbdisplay: flex;||align-items: center;\u00bb global_colors_info=\u00bb{}\u00bb custom_css_main_element_last_edited=\u00bbon|tablet\u00bb custom_css_main_element_tablet=\u00bbdisplay: flex;||flex-direction: column;\u00bb custom_css_main_element_phone=\u00bbdisplay: flex;||flex-direction: column;\u00bb custom_margin=\u00bb0px||0px||false|false\u00bb custom_padding=\u00bb0px||0px||false|false\u00bb sticky_enabled=\u00bb0&#8243;][et_pb_column type=\u00bb1_2&#8243; _builder_version=\u00bb4.21.0&#8243; _module_preset=\u00bbdefault\u00bb hover_enabled=\u00bb0&#8243; global_colors_info=\u00bb{}\u00bb custom_padding=\u00bb0px||0px||false|false\u00bb sticky_enabled=\u00bb0&#8243;][et_pb_text _builder_version=\u00bb4.21.0&#8243; _module_preset=\u00bbdefault\u00bb header_2_font=\u00bbPoppins|700|||||||\u00bb header_2_text_align=\u00bbleft\u00bb header_2_text_color=\u00bb#010d14&#8243; header_2_font_size=\u00bb36px\u00bb header_2_line_height=\u00bb1.3em\u00bb max_width=\u00bb630px\u00bb max_width_tablet=\u00bb100%\u00bb max_width_phone=\u00bb100%\u00bb max_width_last_edited=\u00bbon|phone\u00bb module_alignment=\u00bbleft\u00bb custom_margin=\u00bb0px||15px||false|false\u00bb hover_enabled=\u00bb0&#8243; header_2_font_size_tablet=\u00bb30px\u00bb header_2_font_size_phone=\u00bb24px\u00bb header_2_font_size_last_edited=\u00bbon|phone\u00bb module_alignment_tablet=\u00bbleft\u00bb module_alignment_phone=\u00bbleft\u00bb module_alignment_last_edited=\u00bbon|desktop\u00bb locked=\u00bboff\u00bb global_colors_info=\u00bb{}\u00bb sticky_enabled=\u00bb0&#8243; custom_padding=\u00bb0px||0px||false|false\u00bb]<\/p>\n<h2><span style=\"color: #428f9c;\">Transports Cardona Picornell<\/span> experiencia en log\u00edstica y transporte.<\/h2>\n<p>[\/et_pb_text][et_pb_text _builder_version=\u00bb4.21.0&#8243; _module_preset=\u00bbdefault\u00bb text_font=\u00bbPoppins||||||||\u00bb text_text_color=\u00bb#010d14&#8243; text_font_size=\u00bb8px\u00bb text_line_height=\u00bb1.8em\u00bb header_5_text_color=\u00bb#000000&#8243; header_5_font_size=\u00bb19px\u00bb text_orientation=\u00bbjustified\u00bb max_width=\u00bb600px\u00bb max_width_tablet=\u00bb100%\u00bb max_width_phone=\u00bb100%\u00bb max_width_last_edited=\u00bbon|tablet\u00bb module_alignment=\u00bbleft\u00bb custom_margin=\u00bb||30px||false|false\u00bb custom_margin_tablet=\u00bb||40px||false|false\u00bb custom_margin_phone=\u00bb||30px||false|false\u00bb custom_margin_last_edited=\u00bbon|desktop\u00bb hover_enabled=\u00bb0&#8243; text_font_size_tablet=\u00bb15px\u00bb text_font_size_phone=\u00bb14px\u00bb text_font_size_last_edited=\u00bbon|desktop\u00bb locked=\u00bboff\u00bb global_colors_info=\u00bb{}\u00bb sticky_enabled=\u00bb0&#8243;]<\/p>\n<h4 style=\"margin: 0cm; line-height: 20.4pt;\"><span style=\"font-size: 12.0pt; font-family: 'Arial',sans-serif; color: #444549;\">La historia de la empresa familiar suele estar llena de \u00e9xitos, de ca\u00eddas y, por ende, de mucho aprendizaje. Desde la primera generaci\u00f3n, cuando el fundador o fundadores montan el negocio, se van escribiendo las p\u00e1ginas de esta historia. La fundaci\u00f3n del negocio, las inversiones, el nacimiento de nuevos miembros de la familia, la apertura a nuevos mercados, la preparaci\u00f3n del relevo generacional\u2026 Todo ello forma parte de la historia de la familia y de la empresa. Y, con el paso de los a\u00f1os, cada generaci\u00f3n ir\u00e1 escribiendo su parte de la historia: expansi\u00f3n del negocio, trabajo entre hermanos y primos, crecimiento del negocio, supervivencia a duras crisis\u2026<\/span>.<\/h4>\n<h4 style=\"margin: 0cm; line-height: 20.4pt;\"><span style=\"font-size: 12.0pt; font-family: 'Arial',sans-serif; color: #444549;\"><br \/>Es muy especial ver el camino que la familia ha recorrido hasta llegar a d\u00f3nde est\u00e1 ahora y como a trav\u00e9s de ese proceso ha ido generando su identidad y definiendo sus valores. En definitiva, es la historia de c\u00f3mo se ha pasado de ser una familia, a una empresa familiar de m\u00e1s o menos \u00e9xito.<\/span><\/h4>\n<h4 style=\"margin: 0cm; line-height: 20.4pt;\"><span style=\"font-size: 12.0pt; font-family: 'Arial',sans-serif; color: #444549;\"><br \/>Lamentablemente es probable que ni nuestros clientes, ni los proveedores con los que tratamos a diario ni los medios de comunicaci\u00f3n de nuestra localidad est\u00e1n al corriente de toda nuestra historia.<\/span><\/h4>\n<p>[\/et_pb_text][et_pb_image src=\u00bbhttps:\/\/cardonapicornell.com\/wp-content\/uploads\/2023\/05\/foto-2.jpg\u00bb _builder_version=\u00bb4.21.0&#8243; _module_preset=\u00bbdefault\u00bb alt=\u00bbNuestra historia. Transports cardona picornell\u00bb title_text=\u00bbfoto-2&#8243; hover_enabled=\u00bb0&#8243; sticky_enabled=\u00bb0&#8243;][\/et_pb_image][et_pb_image src=\u00bbhttps:\/\/cardonapicornell.com\/wp-content\/uploads\/2023\/05\/foto-6.jpg\u00bb _builder_version=\u00bb4.21.0&#8243; _module_preset=\u00bbdefault\u00bb alt=\u00bbNuestra historia. Transports cardona picornell\u00bb title_text=\u00bbfoto-6&#8243; hover_enabled=\u00bb0&#8243; sticky_enabled=\u00bb0&#8243;][\/et_pb_image][et_pb_text _builder_version=\u00bb4.21.0&#8243; _module_preset=\u00bbdefault\u00bb hover_enabled=\u00bb0&#8243; sticky_enabled=\u00bb0&#8243;]<\/p>\n<h4 style=\"margin: 0cm; line-height: 20.4pt;\"><span style=\"font-size: 12.0pt; font-family: 'Arial',sans-serif; color: #444549;\"><br \/>\nAquel recorrido se fue ampliando y se compraron m\u00e1s tractoras y remolques; nuevos clientes y la vieja camioneta formaba parte del pasado en la historia de la familia Cardona Picornell<\/span><\/h4>\n<h4 style=\"margin: 0cm; line-height: 20.4pt;\"><span style=\"font-size: 12.0pt; font-family: 'Arial',sans-serif; color: #444549;\"><br \/>\nPero la vida no siempre es color rosa.<br \/>\nDurante un tiempo parec\u00eda que no ten\u00edan respiro, durante un transporte internacional, se quem\u00f3 una tractora (perdiendo la inversi\u00f3n), un conductor desapareci\u00f3 con todo el conjunto m\u00e1s la mercanc\u00eda, accidente tras accidente&#8230; la crisis del 2008. Todo ello no consigui\u00f3 hacer mella en su pasi\u00f3n y energ\u00eda, pero si en su patrimonio, tuvieron que sobreponerse a todas las p\u00e9rdidas y superar todas las adversidades, para casi empezar de nuevo.<\/span><\/h4>\n<p><span style=\"font-size: 12.0pt; font-family: 'Arial',sans-serif; color: #444549;\"><\/span>[\/et_pb_text][\/et_pb_column][et_pb_column type=\u00bb1_2&#8243; _builder_version=\u00bb4.21.0&#8243; _module_preset=\u00bbdefault\u00bb hover_enabled=\u00bb0&#8243; global_colors_info=\u00bb{}\u00bb custom_padding=\u00bb0px||0px||false|false\u00bb sticky_enabled=\u00bb0&#8243;][et_pb_image src=\u00bbhttps:\/\/cardonapicornell.com\/wp-content\/uploads\/2023\/05\/foto-1.jpg\u00bb alt=\u00bbTransports Cardona Picornell\u00bb title_text=\u00bbfoto-1&#8243; _builder_version=\u00bb4.21.0&#8243; _module_preset=\u00bbdefault\u00bb hover_enabled=\u00bb0&#8243; global_colors_info=\u00bb{}\u00bb sticky_enabled=\u00bb0&#8243; custom_margin=\u00bb||200px||false|false\u00bb custom_padding=\u00bb0px||0px||true|false\u00bb align=\u00bbcenter\u00bb show_bottom_space=\u00bboff\u00bb][\/et_pb_image][et_pb_text _builder_version=\u00bb4.21.0&#8243; _module_preset=\u00bbdefault\u00bb hover_enabled=\u00bb0&#8243; sticky_enabled=\u00bb0&#8243;]<\/p>\n<h4 style=\"margin: 0cm; line-height: 20.4pt;\"><span style=\"font-size: 12.0pt; font-family: 'Arial',sans-serif; color: #444549;\">En el caso de nuestra historia, se remonta a los a\u00f1os 90, Esta historia de superaci\u00f3n familiar comenz\u00f3 all\u00e1 por 1990, cuando de joven, Gerard Cardona, trabajaba como nuevo aut\u00f3nomo en una empresa de reparto de paqueter\u00eda, de sol a sol, conduciendo una furgoneta carrozada que por aquel entonces le cost\u00f3 una gran inversi\u00f3n.<\/h4>\n<p><\/span><\/p>\n<h4 style=\"margin: 0cm; line-height: 20.4pt;\"><span style=\"font-size: 12.0pt; font-family: 'Arial',sans-serif; color: #444549;\"><br \/>\nDurante aquellos a\u00f1os, Gerard ya hab\u00eda encarado al destino de la mano de su esposa, y ambos deb\u00edan sostener esa vida que estaban logrando. Eran dos j\u00f3venes buscavidas que no esquivaban al sacrificio con tal de cumplir sus metas y sus sue\u00f1os. Dos a\u00f1os m\u00e1s tarde, cambi\u00f3 el reparto de paqueter\u00eda por el de gasoil a domicilio, en esa misma empresa se le brind\u00f3 la posibilidad de transporte de carburantes y as\u00ed invertir en una primera tractora, empezando con la contrataci\u00f3n de personal con el objetivo de aumentar la empresa.<br \/>\nGerard trabajaba d\u00eda y noche, durante el d\u00eda contratado por la empresa de reparto de gasoil y por la noche sustituyendo al nuevo trabajador con el tr\u00e1iler en el transporte de gasoil\/gasolina, su esposa se encargaba de la casa y de la contabilidad, y afrontaba la responsabilidad de la familia que se agrandaba con las llegadas de tres hijos.<\/span><\/h4>\n<p>[\/et_pb_text][et_pb_image src=\u00bbhttps:\/\/cardonapicornell.com\/wp-content\/uploads\/2023\/05\/cardona-picornell.jpg\u00bb _builder_version=\u00bb4.21.0&#8243; _module_preset=\u00bbdefault\u00bb title_text=\u00bbTransportes Cardona Picornell\u00bb custom_margin=\u00bb200px||80px||false|false\u00bb hover_enabled=\u00bb0&#8243; sticky_enabled=\u00bb0&#8243; alt=\u00bbTransportes Cardona Picornell\u00bb][\/et_pb_image][\/et_pb_column][\/et_pb_row][et_pb_row _builder_version=\u00bb4.21.0&#8243; _module_preset=\u00bbdefault\u00bb][et_pb_column _builder_version=\u00bb4.21.0&#8243; _module_preset=\u00bbdefault\u00bb type=\u00bb4_4&#8243;][et_pb_text _builder_version=\u00bb4.21.0&#8243; _module_preset=\u00bbdefault\u00bb hover_enabled=\u00bb0&#8243; sticky_enabled=\u00bb0&#8243;]<\/p>\n<h4 style=\"margin: 0cm; line-height: 20.4pt;\"><span style=\"font-size: 12.0pt; font-family: 'Arial',sans-serif; color: #444549;\">Se replantearon las necesidades de mercado, que fuera peque\u00f1o pero viable, que la base de los clientes fueran con una relaci\u00f3n m\u00e1s personal, que pudi\u00e9ramos ofrecer alguna cosa que fuera dif\u00edcil ofrecer por el resto de grandes empresas, todo ello nos llev\u00f3 casi por casualidad a ofrecer nuestros servicios al mercado de la fruta y verduras, uno de los m\u00e1s estrictos en cuanto a normativa en alimentos perecederos, el transporte de frutas y verduras precisa tener una gran eficacia y organizaci\u00f3n para la correcta conservaci\u00f3n de la misma.<\/span><\/h4>\n<h4 style=\"margin: 0cm; line-height: 20.4pt;\"><span style=\"font-size: 12.0pt; font-family: 'Arial',sans-serif; color: #444549;\">Dado que es un transporte de temporada lo alternamos o complementamos con el transporte de contenedores y mercanc\u00eda en general, diversificando los clientes.<br \/><\/span><span style=\"font-size: 12.0pt; font-family: 'Arial',sans-serif; color: #444549;\"> Hoy en d\u00eda, es una empresa formada que naci\u00f3 como un emprendimiento familiar, a costa de mucho sacrificio y de la tenacidad y constancia de Gerard Cardona, y actualmente su hijo, Manel Cardona, est\u00e1 empezando a coger las riendas des de abajo con empe\u00f1o y tenacidad, form\u00e1ndose en capacidades de administraci\u00f3n y direcci\u00f3n empresarial, dot\u00e1ndose de habilidades sociales que permitan ganarse la confianza y el respeto de los empleados y clientes, y no tener miedo a realizar cambios. En un futuro confiamos en el relevo generacional para la gesti\u00f3n integral de la empresa y que dur\u00e9 muchos a\u00f1os m\u00e1s.<\/span><span style=\"font-size: 12.0pt; font-family: 'Arial',sans-serif; color: #444549;\"><br \/><\/span><\/h4>\n<p>[\/et_pb_text][et_pb_text _builder_version=\u00bb4.21.0&#8243; _module_preset=\u00bbdefault\u00bb header_2_font=\u00bbPoppins|700|||||||\u00bb header_2_text_align=\u00bbcenter\u00bb header_2_text_color=\u00bb#010d14&#8243; header_2_font_size=\u00bb36px\u00bb header_2_line_height=\u00bb1.3em\u00bb max_width=\u00bb800px\u00bb module_alignment=\u00bbcenter\u00bb hover_enabled=\u00bb0&#8243; header_2_font_size_tablet=\u00bb30px\u00bb header_2_font_size_phone=\u00bb24px\u00bb header_2_font_size_last_edited=\u00bbon|phone\u00bb global_colors_info=\u00bb{}\u00bb sticky_enabled=\u00bb0&#8243; custom_padding=\u00bb39px|||||\u00bb]<\/p>\n<h2><span>\u201cAll\u00ed donde hay una empresa de \u00e9xito alguien tom\u00f3 alguna vez una decisi\u00f3n valiente\u201d<\/span><\/h2>\n<p>[\/et_pb_text][et_pb_button _builder_version=\u00bb4.21.0&#8243; _module_preset=\u00bbdefault\u00bb sticky_enabled=\u00bb0&#8243; custom_button=\u00bbon\u00bb button_text_size=\u00bb15px\u00bb button_text_color=\u00bb#010d14&#8243; button_text_color__hover=\u00bb#428f9c\u00bb button_text_color__hover_enabled=\u00bbon|desktop\u00bb button_bg_color=\u00bb#80c8b1&#8243; button_bg_color__hover=\u00bb#010d14&#8243; button_bg_color__hover_enabled=\u00bbon|hover\u00bb button_border_color=\u00bb#428f9c\u00bb button_border_color__hover=\u00bb#010D14&#8243; button_border_color__hover_enabled=\u00bbon|desktop\u00bb button_border_radius=\u00bb20px\u00bb button_font=\u00bbPoppins|600||on|||||\u00bb custom_margin=\u00bb0px||0px||true|false\u00bb custom_padding=\u00bb20px|60px|20px|60px|true|true\u00bb custom_padding_tablet=\u00bb13px|35px|13px|35px|true|true\u00bb custom_padding_phone=\u00bb10px|30px|10px|30px|true|true\u00bb custom_padding_last_edited=\u00bbon|phone\u00bb hover_transition_speed_curve=\u00bbease-in-out\u00bb button_text=\u00bbCont\u00e1ctenos\u00bb button_url=\u00bb@ET-DC@eyJkeW5hbWljIjp0cnVlLCJjb250ZW50IjoicG9zdF9saW5rX3VybF9wYWdlIiwic2V0dGluZ3MiOnsicG9zdF9pZCI6IjY1In19@\u00bb _dynamic_attributes=\u00bbbutton_url\u00bb hover_enabled=\u00bb0&#8243; button_alignment=\u00bbcenter\u00bb button_icon=\u00bb&#x24;||divi||400&#8243;][\/et_pb_button][\/et_pb_column][\/et_pb_row][\/et_pb_section]<\/p>\n","protected":false},"excerpt":{"rendered":"<p>Transports Cardona Picornell experiencia en log\u00edstica y transporte.La historia de la empresa familiar suele estar llena de \u00e9xitos, de ca\u00eddas y, por ende, de mucho aprendizaje. Desde la primera generaci\u00f3n, cuando el fundador o fundadores montan el negocio, se van escribiendo las p\u00e1ginas de esta historia. La fundaci\u00f3n del negocio, las inversiones, el nacimiento de [&hellip;]<\/p>\n","protected":false},"author":1,"featured_media":0,"parent":0,"menu_order":0,"comment_status":"closed","ping_status":"closed","template":"","meta":{"_et_pb_use_builder":"on","_et_pb_old_content":"","_et_gb_content_width":"","footnotes":""},"class_list":["post-98523","page","type-page","status-publish","hentry"],"lang":"es","translations":{"es":98523,"ca":98671},"pll_sync_post":[],"_links":{"self":[{"href":"https:\/\/cardonapicornell.com\/index.php?rest_route=\/wp\/v2\/pages\/98523","targetHints":{"allow":["GET"]}}],"collection":[{"href":"https:\/\/cardonapicornell.com\/index.php?rest_route=\/wp\/v2\/pages"}],"about":[{"href":"https:\/\/cardonapicornell.com\/index.php?rest_route=\/wp\/v2\/types\/page"}],"author":[{"embeddable":true,"href":"https:\/\/cardonapicornell.com\/index.php?rest_route=\/wp\/v2\/users\/1"}],"replies":[{"embeddable":true,"href":"https:\/\/cardonapicornell.com\/index.php?rest_route=%2Fwp%2Fv2%2Fcomments&post=98523"}],"version-history":[{"count":20,"href":"https:\/\/cardonapicornell.com\/index.php?rest_route=\/wp\/v2\/pages\/98523\/revisions"}],"predecessor-version":[{"id":98658,"href":"https:\/\/cardonapicornell.com\/index.php?rest_route=\/wp\/v2\/pages\/98523\/revisions\/98658"}],"wp:attachment":[{"href":"https:\/\/cardonapicornell.com\/index.php?rest_route=%2Fwp%2Fv2%2Fmedia&parent=98523"}],"curies":[{"name":"wp","href":"https:\/\/api.w.org\/{rel}","templated":true}]}}